{"id":100217,"date":"2026-02-11T14:53:08","date_gmt":"2026-02-11T17:53:08","guid":{"rendered":"https:\/\/caravanagrupoeditorial.com\/?post_type=product&#038;p=100217"},"modified":"2026-04-30T09:05:38","modified_gmt":"2026-04-30T12:05:38","slug":"um-pouco-antes-do-agora","status":"publish","type":"product","link":"https:\/\/caravanagrupoeditorial.com\/pt\/livros\/um-pouco-antes-do-agora\/","title":{"rendered":"Um pouco antes do agora"},"content":{"rendered":"<p style=\"text-align: justify;\">Um grupo de pessoas que nunca se viram tenta sobreviver ao caos sanit\u00e1rio, econ\u00f4mico e social ap\u00f3s a Terra ser atingida por part\u00edculas que adoeceram boa parte das pessoas. Durante essa jornada de sobreviv\u00eancia e com muita quebra narrativa, veremos muitos personagens contando suas hist\u00f3rias p\u00f3stumas ou narrando parte da hist\u00f3ria de algu\u00e9m que, possivelmente, sobrevivera ao caos. Digo \u201cpossivelmente\u201d porque cada hist\u00f3ria \u00e9 \u00fanica, com suas lacunas, e somente o leitor poder\u00e1 preencher tais lacunas. Em O condom\u00ednio teremos contato com a maturidade e a tomada de decis\u00e3o do sujeito. Face ao caos, dever\u00edamos tomar as mesmas decis\u00f5es que, via de regra, tomar\u00edamos numa situa\u00e7\u00e3o normal? Nossas regras e valores morais n\u00e3o deveriam ser de acordo com nossas necessidades ou deveriam ser uma coisa s\u00f3, independentemente do que vivemos e com quem vivemos? Todos os personagens parecem estar indo para o mesmo lugar; se chegaram ou n\u00e3o, \u00e9 voc\u00ea quem decidir\u00e1; contudo, as hist\u00f3rias nos levam a refletir sobre o que o ser humano seria capaz de fazer para sobreviver. Como a necessidade de sobreviv\u00eancia impactaria a sa\u00fade mental do ser humano? E a quais desfechos essa necessidade nos levaria? Luto, nojo, raiva, amor, ambi\u00e7\u00e3o, necessidades b\u00e1sicas, como se alimentar e o sexo, parecem ter ganhado outro significado face a face com o caos.<\/p>","protected":false},"excerpt":{"rendered":"<p>Um grupo de pessoas que nunca se viram tenta sobreviver ao caos sanit\u00e1rio, econ\u00f4mico e social ap\u00f3s a Terra ser atingida por part\u00edculas que adoeceram boa parte das pessoas. Durante<\/p>","protected":false},"featured_media":100218,"comment_status":"open","ping_status":"closed","template":"","meta":{"_acf_changed":false,"jetpack_post_was_ever_published":true,"_joinchat":[]},"pwb-brand":[20639],"product_brand":[],"product_cat":[20647,171,20646,19942],"product_tag":[136,835,137,23],"editora":[20601,20604],"class_list":{"0":"post-100217","1":"product","2":"type-product","3":"status-publish","4":"has-post-thumbnail","6":"pwb-brand-gabriel-geovanne","7":"product_cat-caravana","8":"product_cat-contos","9":"product_cat-mercador","10":"product_cat-pre-venda","11":"product_tag-caravana","12":"product_tag-caravanagrupoeditorial","13":"product_tag-editoraindependente","14":"product_tag-literatura","15":"editora-caravana","16":"editora-mercador","17":"pre_capa-nao-e-pre-capa","19":"first","20":"instock","21":"shipping-taxable","22":"purchasable","23":"product-type-simple"},"acf":[],"yoast_head":"<!-- This site is optimized with the Yoast SEO plugin v27.2 - https:\/\/yoast.com\/product\/yoast-seo-wordpress\/ -->\n<title>Um pouco antes do agora - Caravana Grupo Editorial<\/title>\n<meta name=\"robots\" content=\"index, follow, max-snippet:-1, max-image-preview:large, max-video-preview:-1\" \/>\n<link rel=\"canonical\" href=\"https:\/\/caravanagrupoeditorial.com\/pt\/livros\/um-pouco-antes-do-agora\/\" \/>\n<meta property=\"og:locale\" content=\"pt_PT\" \/>\n<meta property=\"og:type\" content=\"article\" \/>\n<meta property=\"og:title\" content=\"Um pouco antes do agora - Caravana Grupo Editorial\" \/>\n<meta property=\"og:description\" content=\"Um grupo de pessoas que nunca se viram tenta sobreviver ao caos sanit\u00e1rio, econ\u00f4mico e social ap\u00f3s a Terra ser atingida por part\u00edculas que adoeceram boa parte das pessoas. Durante\" \/>\n<meta property=\"og:url\" content=\"https:\/\/caravanagrupoeditorial.com\/pt\/livros\/um-pouco-antes-do-agora\/\" \/>\n<meta property=\"og:site_name\" content=\"Caravana Grupo Editorial\" \/>\n<meta property=\"article:publisher\" content=\"https:\/\/www.facebook.com\/caravanagrupoeditorial\" \/>\n<meta property=\"article:modified_time\" content=\"2026-04-30T12:05:38+00:00\" \/>\n<meta property=\"og:image\" content=\"https:\/\/caravanagrupoeditorial.com\/wp-content\/uploads\/2026\/02\/Um-pouco-antes-do-agora-Ayumi-Shimamoto-scaled.jpg\" \/>\n\t<meta property=\"og:image:width\" content=\"2560\" \/>\n\t<meta property=\"og:image:height\" content=\"2560\" \/>\n\t<meta property=\"og:image:type\" content=\"image\/jpeg\" \/>\n<meta name=\"twitter:card\" content=\"summary_large_image\" \/>\n<meta name=\"twitter:label1\" content=\"Tempo estimado de leitura\" \/>\n\t<meta name=\"twitter:data1\" content=\"2 minutos\" \/>\n<script type=\"application\/ld+json\" class=\"yoast-schema-graph\">{\"@context\":\"https:\/\/schema.org\",\"@graph\":[{\"@type\":\"WebPage\",\"@id\":\"https:\/\/caravanagrupoeditorial.com\/livros\/um-pouco-antes-do-agora\/\",\"url\":\"https:\/\/caravanagrupoeditorial.com\/livros\/um-pouco-antes-do-agora\/\",\"name\":\"Um pouco antes do agora - Caravana Grupo Editorial\",\"isPartOf\":{\"@id\":\"https:\/\/caravanagrupoeditorial.com\/#website\"},\"primaryImageOfPage\":{\"@id\":\"https:\/\/caravanagrupoeditorial.com\/livros\/um-pouco-antes-do-agora\/#primaryimage\"},\"image\":{\"@id\":\"https:\/\/caravanagrupoeditorial.com\/livros\/um-pouco-antes-do-agora\/#primaryimage\"},\"thumbnailUrl\":\"https:\/\/i0.wp.com\/caravanagrupoeditorial.com\/wp-content\/uploads\/2026\/02\/Um-pouco-antes-do-agora-Ayumi-Shimamoto-scaled.jpg?fit=2560%2C2560&ssl=1\",\"datePublished\":\"2026-02-11T17:53:08+00:00\",\"dateModified\":\"2026-04-30T12:05:38+00:00\",\"breadcrumb\":{\"@id\":\"https:\/\/caravanagrupoeditorial.com\/livros\/um-pouco-antes-do-agora\/#breadcrumb\"},\"inLanguage\":\"pt-PT\",\"potentialAction\":[{\"@type\":\"ReadAction\",\"target\":[\"https:\/\/caravanagrupoeditorial.com\/livros\/um-pouco-antes-do-agora\/\"]}]},{\"@type\":\"ImageObject\",\"inLanguage\":\"pt-PT\",\"@id\":\"https:\/\/caravanagrupoeditorial.com\/livros\/um-pouco-antes-do-agora\/#primaryimage\",\"url\":\"https:\/\/i0.wp.com\/caravanagrupoeditorial.com\/wp-content\/uploads\/2026\/02\/Um-pouco-antes-do-agora-Ayumi-Shimamoto-scaled.jpg?fit=2560%2C2560&ssl=1\",\"contentUrl\":\"https:\/\/i0.wp.com\/caravanagrupoeditorial.com\/wp-content\/uploads\/2026\/02\/Um-pouco-antes-do-agora-Ayumi-Shimamoto-scaled.jpg?fit=2560%2C2560&ssl=1\",\"width\":2560,\"height\":2560},{\"@type\":\"BreadcrumbList\",\"@id\":\"https:\/\/caravanagrupoeditorial.com\/livros\/um-pouco-antes-do-agora\/#breadcrumb\",\"itemListElement\":[{\"@type\":\"ListItem\",\"position\":1,\"name\":\"In\u00edcio\",\"item\":\"https:\/\/caravanagrupoeditorial.com\/\"},{\"@type\":\"ListItem\",\"position\":2,\"name\":\"Shop\",\"item\":\"https:\/\/caravanagrupoeditorial.com\/shop\/\"},{\"@type\":\"ListItem\",\"position\":3,\"name\":\"Um pouco antes do agora\"}]},{\"@type\":\"WebSite\",\"@id\":\"https:\/\/caravanagrupoeditorial.com\/#website\",\"url\":\"https:\/\/caravanagrupoeditorial.com\/\",\"name\":\"Caravana Grupo Editorial\",\"description\":\"\",\"publisher\":{\"@id\":\"https:\/\/caravanagrupoeditorial.com\/#organization\"},\"potentialAction\":[{\"@type\":\"SearchAction\",\"target\":{\"@type\":\"EntryPoint\",\"urlTemplate\":\"https:\/\/caravanagrupoeditorial.com\/?s={search_term_string}\"},\"query-input\":{\"@type\":\"PropertyValueSpecification\",\"valueRequired\":true,\"valueName\":\"search_term_string\"}}],\"inLanguage\":\"pt-PT\"},{\"@type\":\"Organization\",\"@id\":\"https:\/\/caravanagrupoeditorial.com\/#organization\",\"name\":\"Caravana Grupo Editorial\",\"url\":\"https:\/\/caravanagrupoeditorial.com\/\",\"logo\":{\"@type\":\"ImageObject\",\"inLanguage\":\"pt-PT\",\"@id\":\"https:\/\/caravanagrupoeditorial.com\/#\/schema\/logo\/image\/\",\"url\":\"https:\/\/caravanagrupoeditorial.com\/wp-content\/uploads\/2024\/02\/cropped-Logo_Caravana.png\",\"contentUrl\":\"https:\/\/caravanagrupoeditorial.com\/wp-content\/uploads\/2024\/02\/cropped-Logo_Caravana.png\",\"width\":512,\"height\":512,\"caption\":\"Caravana Grupo Editorial\"},\"image\":{\"@id\":\"https:\/\/caravanagrupoeditorial.com\/#\/schema\/logo\/image\/\"},\"sameAs\":[\"https:\/\/www.facebook.com\/caravanagrupoeditorial\",\"https:\/\/www.instagram.com\/caravanagrupoeditorial\/?hl=pt-br\",\"https:\/\/www.youtube.com\/channel\/UCdD-xosEkpHCeRn2nDLiXfQ\"]}]}<\/script>\n<!-- \/ Yoast SEO plugin. -->","yoast_head_json":{"title":"Um pouco antes do agora - Caravana Grupo Editorial","robots":{"index":"index","follow":"follow","max-snippet":"max-snippet:-1","max-image-preview":"max-image-preview:large","max-video-preview":"max-video-preview:-1"},"canonical":"https:\/\/caravanagrupoeditorial.com\/pt\/livros\/um-pouco-antes-do-agora\/","og_locale":"pt_PT","og_type":"article","og_title":"Um pouco antes do agora - Caravana Grupo Editorial","og_description":"Um grupo de pessoas que nunca se viram tenta sobreviver ao caos sanit\u00e1rio, econ\u00f4mico e social ap\u00f3s a Terra ser atingida por part\u00edculas que adoeceram boa parte das pessoas. Durante","og_url":"https:\/\/caravanagrupoeditorial.com\/pt\/livros\/um-pouco-antes-do-agora\/","og_site_name":"Caravana Grupo Editorial","article_publisher":"https:\/\/www.facebook.com\/caravanagrupoeditorial","article_modified_time":"2026-04-30T12:05:38+00:00","og_image":[{"width":2560,"height":2560,"url":"https:\/\/caravanagrupoeditorial.com\/wp-content\/uploads\/2026\/02\/Um-pouco-antes-do-agora-Ayumi-Shimamoto-scaled.jpg","type":"image\/jpeg"}],"twitter_card":"summary_large_image","twitter_misc":{"Tempo estimado de leitura":"2 minutos"},"schema":{"@context":"https:\/\/schema.org","@graph":[{"@type":"WebPage","@id":"https:\/\/caravanagrupoeditorial.com\/livros\/um-pouco-antes-do-agora\/","url":"https:\/\/caravanagrupoeditorial.com\/livros\/um-pouco-antes-do-agora\/","name":"Um pouco antes do agora - Caravana Grupo Editorial","isPartOf":{"@id":"https:\/\/caravanagrupoeditorial.com\/#website"},"primaryImageOfPage":{"@id":"https:\/\/caravanagrupoeditorial.com\/livros\/um-pouco-antes-do-agora\/#primaryimage"},"image":{"@id":"https:\/\/caravanagrupoeditorial.com\/livros\/um-pouco-antes-do-agora\/#primaryimage"},"thumbnailUrl":"https:\/\/i0.wp.com\/caravanagrupoeditorial.com\/wp-content\/uploads\/2026\/02\/Um-pouco-antes-do-agora-Ayumi-Shimamoto-scaled.jpg?fit=2560%2C2560&ssl=1","datePublished":"2026-02-11T17:53:08+00:00","dateModified":"2026-04-30T12:05:38+00:00","breadcrumb":{"@id":"https:\/\/caravanagrupoeditorial.com\/livros\/um-pouco-antes-do-agora\/#breadcrumb"},"inLanguage":"pt-PT","potentialAction":[{"@type":"ReadAction","target":["https:\/\/caravanagrupoeditorial.com\/livros\/um-pouco-antes-do-agora\/"]}]},{"@type":"ImageObject","inLanguage":"pt-PT","@id":"https:\/\/caravanagrupoeditorial.com\/livros\/um-pouco-antes-do-agora\/#primaryimage","url":"https:\/\/i0.wp.com\/caravanagrupoeditorial.com\/wp-content\/uploads\/2026\/02\/Um-pouco-antes-do-agora-Ayumi-Shimamoto-scaled.jpg?fit=2560%2C2560&ssl=1","contentUrl":"https:\/\/i0.wp.com\/caravanagrupoeditorial.com\/wp-content\/uploads\/2026\/02\/Um-pouco-antes-do-agora-Ayumi-Shimamoto-scaled.jpg?fit=2560%2C2560&ssl=1","width":2560,"height":2560},{"@type":"BreadcrumbList","@id":"https:\/\/caravanagrupoeditorial.com\/livros\/um-pouco-antes-do-agora\/#breadcrumb","itemListElement":[{"@type":"ListItem","position":1,"name":"In\u00edcio","item":"https:\/\/caravanagrupoeditorial.com\/"},{"@type":"ListItem","position":2,"name":"Shop","item":"https:\/\/caravanagrupoeditorial.com\/shop\/"},{"@type":"ListItem","position":3,"name":"Um pouco antes do agora"}]},{"@type":"WebSite","@id":"https:\/\/caravanagrupoeditorial.com\/#website","url":"https:\/\/caravanagrupoeditorial.com\/","name":"Cat\u00e1logo - Mercador Editorial","description":"","publisher":{"@id":"https:\/\/caravanagrupoeditorial.com\/#organization"},"potentialAction":[{"@type":"SearchAction","target":{"@type":"EntryPoint","urlTemplate":"https:\/\/caravanagrupoeditorial.com\/?s={search_term_string}"},"query-input":{"@type":"PropertyValueSpecification","valueRequired":true,"valueName":"search_term_string"}}],"inLanguage":"pt-PT"},{"@type":"Organization","@id":"https:\/\/caravanagrupoeditorial.com\/#organization","name":"Cat\u00e1logo - Mercador Editorial","url":"https:\/\/caravanagrupoeditorial.com\/","logo":{"@type":"ImageObject","inLanguage":"pt-PT","@id":"https:\/\/caravanagrupoeditorial.com\/#\/schema\/logo\/image\/","url":"https:\/\/caravanagrupoeditorial.com\/wp-content\/uploads\/2024\/02\/cropped-Logo_Caravana.png","contentUrl":"https:\/\/caravanagrupoeditorial.com\/wp-content\/uploads\/2024\/02\/cropped-Logo_Caravana.png","width":512,"height":512,"caption":"Caravana Grupo Editorial"},"image":{"@id":"https:\/\/caravanagrupoeditorial.com\/#\/schema\/logo\/image\/"},"sameAs":["https:\/\/www.facebook.com\/caravanagrupoeditorial","https:\/\/www.instagram.com\/caravanagrupoeditorial\/?hl=pt-br","https:\/\/www.youtube.com\/channel\/UCdD-xosEkpHCeRn2nDLiXfQ"]}]}},"jetpack_sharing_enabled":true,"brands":[{"id":20639,"name":"Gabriel Geovanne","slug":"gabriel-geovanne"}],"_links":{"self":[{"href":"https:\/\/caravanagrupoeditorial.com\/pt\/wp-json\/wp\/v2\/product\/100217","targetHints":{"allow":["GET"]}}],"collection":[{"href":"https:\/\/caravanagrupoeditorial.com\/pt\/wp-json\/wp\/v2\/product"}],"about":[{"href":"https:\/\/caravanagrupoeditorial.com\/pt\/wp-json\/wp\/v2\/types\/product"}],"replies":[{"embeddable":true,"href":"https:\/\/caravanagrupoeditorial.com\/pt\/wp-json\/wp\/v2\/comments?post=100217"}],"wp:featuredmedia":[{"embeddable":true,"href":"https:\/\/caravanagrupoeditorial.com\/pt\/wp-json\/wp\/v2\/media\/100218"}],"wp:attachment":[{"href":"https:\/\/caravanagrupoeditorial.com\/pt\/wp-json\/wp\/v2\/media?parent=100217"}],"wp:term":[{"taxonomy":"pwb-brand","embeddable":true,"href":"https:\/\/caravanagrupoeditorial.com\/pt\/wp-json\/wp\/v2\/pwb-brand?post=100217"},{"taxonomy":"product_brand","embeddable":true,"href":"https:\/\/caravanagrupoeditorial.com\/pt\/wp-json\/wp\/v2\/product_brand?post=100217"},{"taxonomy":"product_cat","embeddable":true,"href":"https:\/\/caravanagrupoeditorial.com\/pt\/wp-json\/wp\/v2\/product_cat?post=100217"},{"taxonomy":"product_tag","embeddable":true,"href":"https:\/\/caravanagrupoeditorial.com\/pt\/wp-json\/wp\/v2\/product_tag?post=100217"},{"taxonomy":"editora","embeddable":true,"href":"https:\/\/caravanagrupoeditorial.com\/pt\/wp-json\/wp\/v2\/editora?post=100217"}],"curies":[{"name":"wp","href":"https:\/\/api.w.org\/{rel}","templated":true}]}}