{"id":1113087,"date":"2026-04-24T14:27:32","date_gmt":"2026-04-24T17:27:32","guid":{"rendered":"https:\/\/caravanagrupoeditorial.com\/?post_type=product&#038;p=1113087"},"modified":"2026-04-24T21:26:54","modified_gmt":"2026-04-25T00:26:54","slug":"los-mundos-que-caben-en-una-cadena","status":"publish","type":"product","link":"https:\/\/caravanagrupoeditorial.com\/es_cl\/livros\/los-mundos-que-caben-en-una-cadena\/","title":{"rendered":"Los mundos que caben en una cadena"},"content":{"rendered":"<p style=\"text-align: justify;\">En un tiempo impreciso del mundo antiguo, Kaleb Maru es condenado por un crimen que no cometi\u00f3 y arrojado a una prisi\u00f3n subterr\u00e1nea. Encadenado y aparentemente abandonado por el destino, descubre que la soledad absoluta no est\u00e1 vac\u00eda: est\u00e1 llena de presencias.<br \/>\nEn el silencio de su celda comienza a entablar di\u00e1logos inesperados con aquello que lo rodea: la oscuridad que lo envuelve, el hierro de sus cadenas, un peque\u00f1o rat\u00f3n, una hoja que nace entre las grietas y el agua que persiste en la piedra. Cada encuentro le revela una forma distinta de comprender el mundo y a s\u00ed mismo.<br \/>\nLos mundos que caben en una cadena es una novela de introspecci\u00f3n filos\u00f3fica que explora la percepci\u00f3n, la resiliencia humana y la posibilidad de encontrar sentido incluso en las circunstancias m\u00e1s adversas. Un relato sobre c\u00f3mo la atenci\u00f3n y la conciencia pueden transformar el cautiverio en una forma inesperada de libertad.<\/p>","protected":false},"excerpt":{"rendered":"<p>En un tiempo impreciso del mundo antiguo, Kaleb Maru es condenado por un crimen que no cometi\u00f3 y arrojado a una prisi\u00f3n subterr\u00e1nea. Encadenado y aparentemente abandonado por el destino,<\/p>","protected":false},"featured_media":1113089,"comment_status":"open","ping_status":"closed","template":"","meta":{"_acf_changed":false,"jetpack_post_was_ever_published":true,"_joinchat":[]},"pwb-brand":[20747],"product_brand":[],"product_cat":[20633,170,19942],"product_tag":[136,835,137,23],"editora":[20618],"class_list":{"0":"post-1113087","1":"product","2":"type-product","3":"status-publish","4":"has-post-thumbnail","6":"pwb-brand-volgx","7":"product_cat-alicanto","8":"product_cat-novela-brasileira","9":"product_cat-pre-venda","10":"product_tag-caravana","11":"product_tag-caravanagrupoeditorial","12":"product_tag-editoraindependente","13":"product_tag-literatura","14":"editora-alicanto","15":"pre_capa-pre-capa","17":"first","18":"instock","19":"shipping-taxable","20":"purchasable","21":"product-type-simple"},"acf":[],"yoast_head":"<!-- This site is optimized with the Yoast SEO plugin v27.2 - https:\/\/yoast.com\/product\/yoast-seo-wordpress\/ -->\n<title>Los mundos que caben en una cadena - Caravana Grupo Editorial<\/title>\n<meta name=\"robots\" content=\"index, follow, max-snippet:-1, max-image-preview:large, max-video-preview:-1\" \/>\n<link rel=\"canonical\" href=\"https:\/\/caravanagrupoeditorial.com\/es_cl\/livros\/los-mundos-que-caben-en-una-cadena\/\" \/>\n<meta property=\"og:locale\" content=\"es_ES\" \/>\n<meta property=\"og:type\" content=\"article\" \/>\n<meta property=\"og:title\" content=\"Los mundos que caben en una cadena - Caravana Grupo Editorial\" \/>\n<meta property=\"og:description\" content=\"En un tiempo impreciso del mundo antiguo, Kaleb Maru es condenado por un crimen que no cometi\u00f3 y arrojado a una prisi\u00f3n subterr\u00e1nea. Encadenado y aparentemente abandonado por el destino,\" \/>\n<meta property=\"og:url\" content=\"https:\/\/caravanagrupoeditorial.com\/es_cl\/livros\/los-mundos-que-caben-en-una-cadena\/\" \/>\n<meta property=\"og:site_name\" content=\"Caravana Grupo Editorial\" \/>\n<meta property=\"article:publisher\" content=\"https:\/\/www.facebook.com\/caravanagrupoeditorial\" \/>\n<meta property=\"article:modified_time\" content=\"2026-04-25T00:26:54+00:00\" \/>\n<meta property=\"og:image\" content=\"https:\/\/caravanagrupoeditorial.com\/wp-content\/uploads\/2026\/04\/MOCKUP_-Los-mundos-que-caben-en-una-cadena-Lucas-Braga-Dos-Anjos-800x800.png\" \/>\n\t<meta property=\"og:image:width\" content=\"800\" \/>\n\t<meta property=\"og:image:height\" content=\"800\" \/>\n\t<meta property=\"og:image:type\" content=\"image\/png\" \/>\n<meta name=\"twitter:card\" content=\"summary_large_image\" \/>\n<meta name=\"twitter:label1\" content=\"Tiempo estimado de lectura\" \/>\n\t<meta name=\"twitter:data1\" content=\"2 minutos\" \/>\n<script type=\"application\/ld+json\" class=\"yoast-schema-graph\">{\"@context\":\"https:\/\/schema.org\",\"@graph\":[{\"@type\":\"WebPage\",\"@id\":\"https:\/\/caravanagrupoeditorial.com\/livros\/los-mundos-que-caben-en-una-cadena\/\",\"url\":\"https:\/\/caravanagrupoeditorial.com\/livros\/los-mundos-que-caben-en-una-cadena\/\",\"name\":\"Los mundos que caben en una cadena - Caravana Grupo Editorial\",\"isPartOf\":{\"@id\":\"https:\/\/caravanagrupoeditorial.com\/#website\"},\"primaryImageOfPage\":{\"@id\":\"https:\/\/caravanagrupoeditorial.com\/livros\/los-mundos-que-caben-en-una-cadena\/#primaryimage\"},\"image\":{\"@id\":\"https:\/\/caravanagrupoeditorial.com\/livros\/los-mundos-que-caben-en-una-cadena\/#primaryimage\"},\"thumbnailUrl\":\"https:\/\/i0.wp.com\/caravanagrupoeditorial.com\/wp-content\/uploads\/2026\/04\/MOCKUP_-Los-mundos-que-caben-en-una-cadena-Lucas-Braga-Dos-Anjos.png?fit=1600%2C1600&ssl=1\",\"datePublished\":\"2026-04-24T17:27:32+00:00\",\"dateModified\":\"2026-04-25T00:26:54+00:00\",\"breadcrumb\":{\"@id\":\"https:\/\/caravanagrupoeditorial.com\/livros\/los-mundos-que-caben-en-una-cadena\/#breadcrumb\"},\"inLanguage\":\"es-CL\",\"potentialAction\":[{\"@type\":\"ReadAction\",\"target\":[\"https:\/\/caravanagrupoeditorial.com\/livros\/los-mundos-que-caben-en-una-cadena\/\"]}]},{\"@type\":\"ImageObject\",\"inLanguage\":\"es-CL\",\"@id\":\"https:\/\/caravanagrupoeditorial.com\/livros\/los-mundos-que-caben-en-una-cadena\/#primaryimage\",\"url\":\"https:\/\/i0.wp.com\/caravanagrupoeditorial.com\/wp-content\/uploads\/2026\/04\/MOCKUP_-Los-mundos-que-caben-en-una-cadena-Lucas-Braga-Dos-Anjos.png?fit=1600%2C1600&ssl=1\",\"contentUrl\":\"https:\/\/i0.wp.com\/caravanagrupoeditorial.com\/wp-content\/uploads\/2026\/04\/MOCKUP_-Los-mundos-que-caben-en-una-cadena-Lucas-Braga-Dos-Anjos.png?fit=1600%2C1600&ssl=1\",\"width\":1600,\"height\":1600},{\"@type\":\"BreadcrumbList\",\"@id\":\"https:\/\/caravanagrupoeditorial.com\/livros\/los-mundos-que-caben-en-una-cadena\/#breadcrumb\",\"itemListElement\":[{\"@type\":\"ListItem\",\"position\":1,\"name\":\"In\u00edcio\",\"item\":\"https:\/\/caravanagrupoeditorial.com\/\"},{\"@type\":\"ListItem\",\"position\":2,\"name\":\"Shop\",\"item\":\"https:\/\/caravanagrupoeditorial.com\/shop\/\"},{\"@type\":\"ListItem\",\"position\":3,\"name\":\"Los mundos que caben en una cadena\"}]},{\"@type\":\"WebSite\",\"@id\":\"https:\/\/caravanagrupoeditorial.com\/#website\",\"url\":\"https:\/\/caravanagrupoeditorial.com\/\",\"name\":\"Caravana Grupo Editorial\",\"description\":\"\",\"publisher\":{\"@id\":\"https:\/\/caravanagrupoeditorial.com\/#organization\"},\"potentialAction\":[{\"@type\":\"SearchAction\",\"target\":{\"@type\":\"EntryPoint\",\"urlTemplate\":\"https:\/\/caravanagrupoeditorial.com\/?s={search_term_string}\"},\"query-input\":{\"@type\":\"PropertyValueSpecification\",\"valueRequired\":true,\"valueName\":\"search_term_string\"}}],\"inLanguage\":\"es-CL\"},{\"@type\":\"Organization\",\"@id\":\"https:\/\/caravanagrupoeditorial.com\/#organization\",\"name\":\"Caravana Grupo Editorial\",\"url\":\"https:\/\/caravanagrupoeditorial.com\/\",\"logo\":{\"@type\":\"ImageObject\",\"inLanguage\":\"es-CL\",\"@id\":\"https:\/\/caravanagrupoeditorial.com\/#\/schema\/logo\/image\/\",\"url\":\"https:\/\/caravanagrupoeditorial.com\/wp-content\/uploads\/2024\/02\/cropped-Logo_Caravana.png\",\"contentUrl\":\"https:\/\/caravanagrupoeditorial.com\/wp-content\/uploads\/2024\/02\/cropped-Logo_Caravana.png\",\"width\":512,\"height\":512,\"caption\":\"Caravana Grupo Editorial\"},\"image\":{\"@id\":\"https:\/\/caravanagrupoeditorial.com\/#\/schema\/logo\/image\/\"},\"sameAs\":[\"https:\/\/www.facebook.com\/caravanagrupoeditorial\",\"https:\/\/www.instagram.com\/caravanagrupoeditorial\/?hl=pt-br\",\"https:\/\/www.youtube.com\/channel\/UCdD-xosEkpHCeRn2nDLiXfQ\"]}]}<\/script>\n<!-- \/ Yoast SEO plugin. -->","yoast_head_json":{"title":"Los mundos que caben en una cadena - Caravana Grupo Editorial","robots":{"index":"index","follow":"follow","max-snippet":"max-snippet:-1","max-image-preview":"max-image-preview:large","max-video-preview":"max-video-preview:-1"},"canonical":"https:\/\/caravanagrupoeditorial.com\/es_cl\/livros\/los-mundos-que-caben-en-una-cadena\/","og_locale":"es_ES","og_type":"article","og_title":"Los mundos que caben en una cadena - Caravana Grupo Editorial","og_description":"En un tiempo impreciso del mundo antiguo, Kaleb Maru es condenado por un crimen que no cometi\u00f3 y arrojado a una prisi\u00f3n subterr\u00e1nea. Encadenado y aparentemente abandonado por el destino,","og_url":"https:\/\/caravanagrupoeditorial.com\/es_cl\/livros\/los-mundos-que-caben-en-una-cadena\/","og_site_name":"Caravana Grupo Editorial","article_publisher":"https:\/\/www.facebook.com\/caravanagrupoeditorial","article_modified_time":"2026-04-25T00:26:54+00:00","og_image":[{"width":800,"height":800,"url":"https:\/\/caravanagrupoeditorial.com\/wp-content\/uploads\/2026\/04\/MOCKUP_-Los-mundos-que-caben-en-una-cadena-Lucas-Braga-Dos-Anjos-800x800.png","type":"image\/png"}],"twitter_card":"summary_large_image","twitter_misc":{"Tiempo estimado de lectura":"2 minutos"},"schema":{"@context":"https:\/\/schema.org","@graph":[{"@type":"WebPage","@id":"https:\/\/caravanagrupoeditorial.com\/livros\/los-mundos-que-caben-en-una-cadena\/","url":"https:\/\/caravanagrupoeditorial.com\/livros\/los-mundos-que-caben-en-una-cadena\/","name":"Los mundos que caben en una cadena - Caravana Grupo Editorial","isPartOf":{"@id":"https:\/\/caravanagrupoeditorial.com\/#website"},"primaryImageOfPage":{"@id":"https:\/\/caravanagrupoeditorial.com\/livros\/los-mundos-que-caben-en-una-cadena\/#primaryimage"},"image":{"@id":"https:\/\/caravanagrupoeditorial.com\/livros\/los-mundos-que-caben-en-una-cadena\/#primaryimage"},"thumbnailUrl":"https:\/\/i0.wp.com\/caravanagrupoeditorial.com\/wp-content\/uploads\/2026\/04\/MOCKUP_-Los-mundos-que-caben-en-una-cadena-Lucas-Braga-Dos-Anjos.png?fit=1600%2C1600&ssl=1","datePublished":"2026-04-24T17:27:32+00:00","dateModified":"2026-04-25T00:26:54+00:00","breadcrumb":{"@id":"https:\/\/caravanagrupoeditorial.com\/livros\/los-mundos-que-caben-en-una-cadena\/#breadcrumb"},"inLanguage":"es-CL","potentialAction":[{"@type":"ReadAction","target":["https:\/\/caravanagrupoeditorial.com\/livros\/los-mundos-que-caben-en-una-cadena\/"]}]},{"@type":"ImageObject","inLanguage":"es-CL","@id":"https:\/\/caravanagrupoeditorial.com\/livros\/los-mundos-que-caben-en-una-cadena\/#primaryimage","url":"https:\/\/i0.wp.com\/caravanagrupoeditorial.com\/wp-content\/uploads\/2026\/04\/MOCKUP_-Los-mundos-que-caben-en-una-cadena-Lucas-Braga-Dos-Anjos.png?fit=1600%2C1600&ssl=1","contentUrl":"https:\/\/i0.wp.com\/caravanagrupoeditorial.com\/wp-content\/uploads\/2026\/04\/MOCKUP_-Los-mundos-que-caben-en-una-cadena-Lucas-Braga-Dos-Anjos.png?fit=1600%2C1600&ssl=1","width":1600,"height":1600},{"@type":"BreadcrumbList","@id":"https:\/\/caravanagrupoeditorial.com\/livros\/los-mundos-que-caben-en-una-cadena\/#breadcrumb","itemListElement":[{"@type":"ListItem","position":1,"name":"In\u00edcio","item":"https:\/\/caravanagrupoeditorial.com\/"},{"@type":"ListItem","position":2,"name":"Shop","item":"https:\/\/caravanagrupoeditorial.com\/shop\/"},{"@type":"ListItem","position":3,"name":"Los mundos que caben en una cadena"}]},{"@type":"WebSite","@id":"https:\/\/caravanagrupoeditorial.com\/#website","url":"https:\/\/caravanagrupoeditorial.com\/","name":"Cat\u00e1logo - Alicanto Editorial","description":"","publisher":{"@id":"https:\/\/caravanagrupoeditorial.com\/#organization"},"potentialAction":[{"@type":"SearchAction","target":{"@type":"EntryPoint","urlTemplate":"https:\/\/caravanagrupoeditorial.com\/?s={search_term_string}"},"query-input":{"@type":"PropertyValueSpecification","valueRequired":true,"valueName":"search_term_string"}}],"inLanguage":"es-CL"},{"@type":"Organization","@id":"https:\/\/caravanagrupoeditorial.com\/#organization","name":"Cat\u00e1logo - Alicanto Editorial","url":"https:\/\/caravanagrupoeditorial.com\/","logo":{"@type":"ImageObject","inLanguage":"es-CL","@id":"https:\/\/caravanagrupoeditorial.com\/#\/schema\/logo\/image\/","url":"https:\/\/caravanagrupoeditorial.com\/wp-content\/uploads\/2024\/02\/cropped-Logo_Caravana.png","contentUrl":"https:\/\/caravanagrupoeditorial.com\/wp-content\/uploads\/2024\/02\/cropped-Logo_Caravana.png","width":512,"height":512,"caption":"Caravana Grupo Editorial"},"image":{"@id":"https:\/\/caravanagrupoeditorial.com\/#\/schema\/logo\/image\/"},"sameAs":["https:\/\/www.facebook.com\/caravanagrupoeditorial","https:\/\/www.instagram.com\/caravanagrupoeditorial\/?hl=pt-br","https:\/\/www.youtube.com\/channel\/UCdD-xosEkpHCeRn2nDLiXfQ"]}]}},"jetpack_sharing_enabled":true,"brands":[{"id":20747,"name":"Volgx","slug":"volgx"}],"_links":{"self":[{"href":"https:\/\/caravanagrupoeditorial.com\/es_cl\/wp-json\/wp\/v2\/product\/1113087","targetHints":{"allow":["GET"]}}],"collection":[{"href":"https:\/\/caravanagrupoeditorial.com\/es_cl\/wp-json\/wp\/v2\/product"}],"about":[{"href":"https:\/\/caravanagrupoeditorial.com\/es_cl\/wp-json\/wp\/v2\/types\/product"}],"replies":[{"embeddable":true,"href":"https:\/\/caravanagrupoeditorial.com\/es_cl\/wp-json\/wp\/v2\/comments?post=1113087"}],"wp:featuredmedia":[{"embeddable":true,"href":"https:\/\/caravanagrupoeditorial.com\/es_cl\/wp-json\/wp\/v2\/media\/1113089"}],"wp:attachment":[{"href":"https:\/\/caravanagrupoeditorial.com\/es_cl\/wp-json\/wp\/v2\/media?parent=1113087"}],"wp:term":[{"taxonomy":"pwb-brand","embeddable":true,"href":"https:\/\/caravanagrupoeditorial.com\/es_cl\/wp-json\/wp\/v2\/pwb-brand?post=1113087"},{"taxonomy":"product_brand","embeddable":true,"href":"https:\/\/caravanagrupoeditorial.com\/es_cl\/wp-json\/wp\/v2\/product_brand?post=1113087"},{"taxonomy":"product_cat","embeddable":true,"href":"https:\/\/caravanagrupoeditorial.com\/es_cl\/wp-json\/wp\/v2\/product_cat?post=1113087"},{"taxonomy":"product_tag","embeddable":true,"href":"https:\/\/caravanagrupoeditorial.com\/es_cl\/wp-json\/wp\/v2\/product_tag?post=1113087"},{"taxonomy":"editora","embeddable":true,"href":"https:\/\/caravanagrupoeditorial.com\/es_cl\/wp-json\/wp\/v2\/editora?post=1113087"}],"curies":[{"name":"wp","href":"https:\/\/api.w.org\/{rel}","templated":true}]}}