{"id":100108,"date":"2025-10-14T20:49:45","date_gmt":"2025-10-14T23:49:45","guid":{"rendered":"https:\/\/caravanagrupoeditorial.com\/?post_type=product&#038;p=100108"},"modified":"2026-04-02T23:43:33","modified_gmt":"2026-04-03T02:43:33","slug":"el-vuelo-del-buho","status":"publish","type":"product","link":"https:\/\/caravanagrupoeditorial.com\/es\/livros\/el-vuelo-del-buho\/","title":{"rendered":"El vuelo del b\u00faho"},"content":{"rendered":"<p style=\"text-align: justify;\">El vuelo del b\u00faho es una historia de dolor y justicia, y la de una voluntad que crece en silencio a lo largo de los a\u00f1os y se transforma en acci\u00f3n cuando encuentra la excusa esperada. Alicia es una mujer normal, que vive un matrimonio mediocre y algo hostil, y que tira adelante los d\u00edas sin demasiada motivaci\u00f3n. Uno de sus \u00fanicos refugios es la amistad, en especial la que construye con Gisela, una amiga de a\u00f1os que siente como una versi\u00f3n diferente de s\u00ed misma. Por eso basta con que un hombre lastime a Gisela para que Alicia se sienta herida y ponga en marcha la venganza que no fue capaz de realizar muchos a\u00f1os atr\u00e1s, cuando era joven y pensaba en las consecuencias.<\/p>","protected":false},"excerpt":{"rendered":"<p>El vuelo del b\u00faho es una historia de dolor y justicia, y la de una voluntad que crece en silencio a lo largo de los a\u00f1os y se transforma en<\/p>","protected":false},"featured_media":100112,"comment_status":"open","ping_status":"closed","template":"","meta":{"_acf_changed":false,"jetpack_post_was_ever_published":true,"_joinchat":[]},"pwb-brand":[20616],"product_brand":[],"product_cat":[748,20632,169,19942,20190],"product_tag":[136,835,137,23],"editora":[20602],"class_list":{"0":"post-100108","1":"product","2":"type-product","3":"status-publish","4":"has-post-thumbnail","6":"pwb-brand-fernando-blasco-martinez","7":"product_cat-espanhol","8":"product_cat-kuntur","9":"product_cat-poesia","10":"product_cat-pre-venda","11":"product_cat-traducoes","12":"product_tag-caravana","13":"product_tag-caravanagrupoeditorial","14":"product_tag-editoraindependente","15":"product_tag-literatura","16":"editora-kuntur","17":"pre_capa-pre-capa","19":"first","20":"instock","21":"shipping-taxable","22":"purchasable","23":"product-type-simple"},"acf":[],"yoast_head":"<!-- This site is optimized with the Yoast SEO plugin v27.2 - https:\/\/yoast.com\/product\/yoast-seo-wordpress\/ -->\n<title>El vuelo del b\u00faho - Caravana Grupo Editorial<\/title>\n<meta name=\"robots\" content=\"index, follow, max-snippet:-1, max-image-preview:large, max-video-preview:-1\" \/>\n<link rel=\"canonical\" href=\"https:\/\/caravanagrupoeditorial.com\/es\/livros\/el-vuelo-del-buho\/\" \/>\n<meta property=\"og:locale\" content=\"es_ES\" \/>\n<meta property=\"og:type\" content=\"article\" \/>\n<meta property=\"og:title\" content=\"El vuelo del b\u00faho - Caravana Grupo Editorial\" \/>\n<meta property=\"og:description\" content=\"El vuelo del b\u00faho es una historia de dolor y justicia, y la de una voluntad que crece en silencio a lo largo de los a\u00f1os y se transforma en\" \/>\n<meta property=\"og:url\" content=\"https:\/\/caravanagrupoeditorial.com\/es\/livros\/el-vuelo-del-buho\/\" \/>\n<meta property=\"og:site_name\" content=\"Caravana Grupo Editorial\" \/>\n<meta property=\"article:publisher\" content=\"https:\/\/www.facebook.com\/caravanagrupoeditorial\" \/>\n<meta property=\"article:modified_time\" content=\"2026-04-03T02:43:33+00:00\" \/>\n<meta property=\"og:image\" content=\"https:\/\/caravanagrupoeditorial.com\/wp-content\/uploads\/2025\/10\/MOCKUP_-El-vuelo-del-buho-Giovana-Sibille-Franco-800x800.png\" \/>\n\t<meta property=\"og:image:width\" content=\"800\" \/>\n\t<meta property=\"og:image:height\" content=\"800\" \/>\n\t<meta property=\"og:image:type\" content=\"image\/png\" \/>\n<meta name=\"twitter:card\" content=\"summary_large_image\" \/>\n<meta name=\"twitter:label1\" content=\"Est. reading time\" \/>\n\t<meta name=\"twitter:data1\" content=\"1 minuto\" \/>\n<script type=\"application\/ld+json\" class=\"yoast-schema-graph\">{\"@context\":\"https:\/\/schema.org\",\"@graph\":[{\"@type\":\"WebPage\",\"@id\":\"https:\/\/caravanagrupoeditorial.com\/livros\/el-vuelo-del-buho\/\",\"url\":\"https:\/\/caravanagrupoeditorial.com\/livros\/el-vuelo-del-buho\/\",\"name\":\"El vuelo del b\u00faho - Caravana Grupo Editorial\",\"isPartOf\":{\"@id\":\"https:\/\/caravanagrupoeditorial.com\/#website\"},\"primaryImageOfPage\":{\"@id\":\"https:\/\/caravanagrupoeditorial.com\/livros\/el-vuelo-del-buho\/#primaryimage\"},\"image\":{\"@id\":\"https:\/\/caravanagrupoeditorial.com\/livros\/el-vuelo-del-buho\/#primaryimage\"},\"thumbnailUrl\":\"https:\/\/i0.wp.com\/caravanagrupoeditorial.com\/wp-content\/uploads\/2025\/10\/MOCKUP_-El-vuelo-del-buho-Giovana-Sibille-Franco.png?fit=1600%2C1600&ssl=1\",\"datePublished\":\"2025-10-14T23:49:45+00:00\",\"dateModified\":\"2026-04-03T02:43:33+00:00\",\"breadcrumb\":{\"@id\":\"https:\/\/caravanagrupoeditorial.com\/livros\/el-vuelo-del-buho\/#breadcrumb\"},\"inLanguage\":\"es-PE\",\"potentialAction\":[{\"@type\":\"ReadAction\",\"target\":[\"https:\/\/caravanagrupoeditorial.com\/livros\/el-vuelo-del-buho\/\"]}]},{\"@type\":\"ImageObject\",\"inLanguage\":\"es-PE\",\"@id\":\"https:\/\/caravanagrupoeditorial.com\/livros\/el-vuelo-del-buho\/#primaryimage\",\"url\":\"https:\/\/i0.wp.com\/caravanagrupoeditorial.com\/wp-content\/uploads\/2025\/10\/MOCKUP_-El-vuelo-del-buho-Giovana-Sibille-Franco.png?fit=1600%2C1600&ssl=1\",\"contentUrl\":\"https:\/\/i0.wp.com\/caravanagrupoeditorial.com\/wp-content\/uploads\/2025\/10\/MOCKUP_-El-vuelo-del-buho-Giovana-Sibille-Franco.png?fit=1600%2C1600&ssl=1\",\"width\":1600,\"height\":1600},{\"@type\":\"BreadcrumbList\",\"@id\":\"https:\/\/caravanagrupoeditorial.com\/livros\/el-vuelo-del-buho\/#breadcrumb\",\"itemListElement\":[{\"@type\":\"ListItem\",\"position\":1,\"name\":\"In\u00edcio\",\"item\":\"https:\/\/caravanagrupoeditorial.com\/\"},{\"@type\":\"ListItem\",\"position\":2,\"name\":\"Shop\",\"item\":\"https:\/\/caravanagrupoeditorial.com\/shop\/\"},{\"@type\":\"ListItem\",\"position\":3,\"name\":\"El vuelo del b\u00faho\"}]},{\"@type\":\"WebSite\",\"@id\":\"https:\/\/caravanagrupoeditorial.com\/#website\",\"url\":\"https:\/\/caravanagrupoeditorial.com\/\",\"name\":\"Caravana Grupo Editorial\",\"description\":\"\",\"publisher\":{\"@id\":\"https:\/\/caravanagrupoeditorial.com\/#organization\"},\"potentialAction\":[{\"@type\":\"SearchAction\",\"target\":{\"@type\":\"EntryPoint\",\"urlTemplate\":\"https:\/\/caravanagrupoeditorial.com\/?s={search_term_string}\"},\"query-input\":{\"@type\":\"PropertyValueSpecification\",\"valueRequired\":true,\"valueName\":\"search_term_string\"}}],\"inLanguage\":\"es-PE\"},{\"@type\":\"Organization\",\"@id\":\"https:\/\/caravanagrupoeditorial.com\/#organization\",\"name\":\"Caravana Grupo Editorial\",\"url\":\"https:\/\/caravanagrupoeditorial.com\/\",\"logo\":{\"@type\":\"ImageObject\",\"inLanguage\":\"es-PE\",\"@id\":\"https:\/\/caravanagrupoeditorial.com\/#\/schema\/logo\/image\/\",\"url\":\"https:\/\/caravanagrupoeditorial.com\/wp-content\/uploads\/2024\/02\/cropped-Logo_Caravana.png\",\"contentUrl\":\"https:\/\/caravanagrupoeditorial.com\/wp-content\/uploads\/2024\/02\/cropped-Logo_Caravana.png\",\"width\":512,\"height\":512,\"caption\":\"Caravana Grupo Editorial\"},\"image\":{\"@id\":\"https:\/\/caravanagrupoeditorial.com\/#\/schema\/logo\/image\/\"},\"sameAs\":[\"https:\/\/www.facebook.com\/caravanagrupoeditorial\",\"https:\/\/www.instagram.com\/caravanagrupoeditorial\/?hl=pt-br\",\"https:\/\/www.youtube.com\/channel\/UCdD-xosEkpHCeRn2nDLiXfQ\"]}]}<\/script>\n<!-- \/ Yoast SEO plugin. -->","yoast_head_json":{"title":"El vuelo del b\u00faho - Caravana Grupo Editorial","robots":{"index":"index","follow":"follow","max-snippet":"max-snippet:-1","max-image-preview":"max-image-preview:large","max-video-preview":"max-video-preview:-1"},"canonical":"https:\/\/caravanagrupoeditorial.com\/es\/livros\/el-vuelo-del-buho\/","og_locale":"es_ES","og_type":"article","og_title":"El vuelo del b\u00faho - Caravana Grupo Editorial","og_description":"El vuelo del b\u00faho es una historia de dolor y justicia, y la de una voluntad que crece en silencio a lo largo de los a\u00f1os y se transforma en","og_url":"https:\/\/caravanagrupoeditorial.com\/es\/livros\/el-vuelo-del-buho\/","og_site_name":"Caravana Grupo Editorial","article_publisher":"https:\/\/www.facebook.com\/caravanagrupoeditorial","article_modified_time":"2026-04-03T02:43:33+00:00","og_image":[{"width":800,"height":800,"url":"https:\/\/caravanagrupoeditorial.com\/wp-content\/uploads\/2025\/10\/MOCKUP_-El-vuelo-del-buho-Giovana-Sibille-Franco-800x800.png","type":"image\/png"}],"twitter_card":"summary_large_image","twitter_misc":{"Est. reading time":"1 minuto"},"schema":{"@context":"https:\/\/schema.org","@graph":[{"@type":"WebPage","@id":"https:\/\/caravanagrupoeditorial.com\/livros\/el-vuelo-del-buho\/","url":"https:\/\/caravanagrupoeditorial.com\/livros\/el-vuelo-del-buho\/","name":"El vuelo del b\u00faho - Caravana Grupo Editorial","isPartOf":{"@id":"https:\/\/caravanagrupoeditorial.com\/#website"},"primaryImageOfPage":{"@id":"https:\/\/caravanagrupoeditorial.com\/livros\/el-vuelo-del-buho\/#primaryimage"},"image":{"@id":"https:\/\/caravanagrupoeditorial.com\/livros\/el-vuelo-del-buho\/#primaryimage"},"thumbnailUrl":"https:\/\/i0.wp.com\/caravanagrupoeditorial.com\/wp-content\/uploads\/2025\/10\/MOCKUP_-El-vuelo-del-buho-Giovana-Sibille-Franco.png?fit=1600%2C1600&ssl=1","datePublished":"2025-10-14T23:49:45+00:00","dateModified":"2026-04-03T02:43:33+00:00","breadcrumb":{"@id":"https:\/\/caravanagrupoeditorial.com\/livros\/el-vuelo-del-buho\/#breadcrumb"},"inLanguage":"es-PE","potentialAction":[{"@type":"ReadAction","target":["https:\/\/caravanagrupoeditorial.com\/livros\/el-vuelo-del-buho\/"]}]},{"@type":"ImageObject","inLanguage":"es-PE","@id":"https:\/\/caravanagrupoeditorial.com\/livros\/el-vuelo-del-buho\/#primaryimage","url":"https:\/\/i0.wp.com\/caravanagrupoeditorial.com\/wp-content\/uploads\/2025\/10\/MOCKUP_-El-vuelo-del-buho-Giovana-Sibille-Franco.png?fit=1600%2C1600&ssl=1","contentUrl":"https:\/\/i0.wp.com\/caravanagrupoeditorial.com\/wp-content\/uploads\/2025\/10\/MOCKUP_-El-vuelo-del-buho-Giovana-Sibille-Franco.png?fit=1600%2C1600&ssl=1","width":1600,"height":1600},{"@type":"BreadcrumbList","@id":"https:\/\/caravanagrupoeditorial.com\/livros\/el-vuelo-del-buho\/#breadcrumb","itemListElement":[{"@type":"ListItem","position":1,"name":"In\u00edcio","item":"https:\/\/caravanagrupoeditorial.com\/"},{"@type":"ListItem","position":2,"name":"Shop","item":"https:\/\/caravanagrupoeditorial.com\/shop\/"},{"@type":"ListItem","position":3,"name":"El vuelo del b\u00faho"}]},{"@type":"WebSite","@id":"https:\/\/caravanagrupoeditorial.com\/#website","url":"https:\/\/caravanagrupoeditorial.com\/","name":"Cat\u00e1logo - Kuntur Editorial","description":"","publisher":{"@id":"https:\/\/caravanagrupoeditorial.com\/#organization"},"potentialAction":[{"@type":"SearchAction","target":{"@type":"EntryPoint","urlTemplate":"https:\/\/caravanagrupoeditorial.com\/?s={search_term_string}"},"query-input":{"@type":"PropertyValueSpecification","valueRequired":true,"valueName":"search_term_string"}}],"inLanguage":"es-PE"},{"@type":"Organization","@id":"https:\/\/caravanagrupoeditorial.com\/#organization","name":"Cat\u00e1logo - Kuntur Editorial","url":"https:\/\/caravanagrupoeditorial.com\/","logo":{"@type":"ImageObject","inLanguage":"es-PE","@id":"https:\/\/caravanagrupoeditorial.com\/#\/schema\/logo\/image\/","url":"https:\/\/caravanagrupoeditorial.com\/wp-content\/uploads\/2024\/02\/cropped-Logo_Caravana.png","contentUrl":"https:\/\/caravanagrupoeditorial.com\/wp-content\/uploads\/2024\/02\/cropped-Logo_Caravana.png","width":512,"height":512,"caption":"Caravana Grupo Editorial"},"image":{"@id":"https:\/\/caravanagrupoeditorial.com\/#\/schema\/logo\/image\/"},"sameAs":["https:\/\/www.facebook.com\/caravanagrupoeditorial","https:\/\/www.instagram.com\/caravanagrupoeditorial\/?hl=pt-br","https:\/\/www.youtube.com\/channel\/UCdD-xosEkpHCeRn2nDLiXfQ"]}]}},"jetpack_sharing_enabled":true,"brands":[{"id":20616,"name":"Fernando Blasco Mart\u00ednez","slug":"fernando-blasco-martinez"}],"_links":{"self":[{"href":"https:\/\/caravanagrupoeditorial.com\/es\/wp-json\/wp\/v2\/product\/100108","targetHints":{"allow":["GET"]}}],"collection":[{"href":"https:\/\/caravanagrupoeditorial.com\/es\/wp-json\/wp\/v2\/product"}],"about":[{"href":"https:\/\/caravanagrupoeditorial.com\/es\/wp-json\/wp\/v2\/types\/product"}],"replies":[{"embeddable":true,"href":"https:\/\/caravanagrupoeditorial.com\/es\/wp-json\/wp\/v2\/comments?post=100108"}],"wp:featuredmedia":[{"embeddable":true,"href":"https:\/\/caravanagrupoeditorial.com\/es\/wp-json\/wp\/v2\/media\/100112"}],"wp:attachment":[{"href":"https:\/\/caravanagrupoeditorial.com\/es\/wp-json\/wp\/v2\/media?parent=100108"}],"wp:term":[{"taxonomy":"pwb-brand","embeddable":true,"href":"https:\/\/caravanagrupoeditorial.com\/es\/wp-json\/wp\/v2\/pwb-brand?post=100108"},{"taxonomy":"product_brand","embeddable":true,"href":"https:\/\/caravanagrupoeditorial.com\/es\/wp-json\/wp\/v2\/product_brand?post=100108"},{"taxonomy":"product_cat","embeddable":true,"href":"https:\/\/caravanagrupoeditorial.com\/es\/wp-json\/wp\/v2\/product_cat?post=100108"},{"taxonomy":"product_tag","embeddable":true,"href":"https:\/\/caravanagrupoeditorial.com\/es\/wp-json\/wp\/v2\/product_tag?post=100108"},{"taxonomy":"editora","embeddable":true,"href":"https:\/\/caravanagrupoeditorial.com\/es\/wp-json\/wp\/v2\/editora?post=100108"}],"curies":[{"name":"wp","href":"https:\/\/api.w.org\/{rel}","templated":true}]}}