{"id":100075,"date":"2025-06-11T19:10:58","date_gmt":"2025-06-11T22:10:58","guid":{"rendered":"https:\/\/caravanagrupoeditorial.com\/?post_type=product&#038;p=100075"},"modified":"2026-04-02T23:41:27","modified_gmt":"2026-04-03T02:41:27","slug":"educacion-y-pensamiento-critico","status":"publish","type":"product","link":"https:\/\/caravanagrupoeditorial.com\/es\/livros\/educacion-y-pensamiento-critico\/","title":{"rendered":"Educaci\u00f3n y pensamiento cr\u00edtico"},"content":{"rendered":"<p style=\"text-align: justify;\">El ensayo intitulado \u201cEducaci\u00f3n y Pensamiento Cr\u00edtico\u201d de Vladimir Sosa S\u00e1nchez, es una obra que resalta la b\u00fasqueda incesante de una educaci\u00f3n filos\u00f3fica. Hace un viaje desde el pensamiento del fil\u00f3sofo peruano Augusto Salazar Bondy hasta las reveladoras ense\u00f1anzas del ilustre maestro brasile\u00f1o Paulo Freire.  <\/p>\n<p>Cada cap\u00edtulo descubre la profundidad del pensamiento reflexivo que el autor deja al descubierto. Sum\u00e9rgete en la reflexi\u00f3n para revalorar el pensamiento cr\u00edtico desde la mirada filos\u00f3fica de Latinoam\u00e9rica.<\/p>\n<p>Este libro nos conduce a trav\u00e9s de un viaje al interior, donde podemos ir descubriendo la importancia de pensar y reflexionar frente a la sociedad de lo inmediato; atr\u00e9vete a pensar junto al autor una nueva forma educaci\u00f3n filos\u00f3fica. \u201cEducaci\u00f3n y Pensamiento Cr\u00edtico\u201d es m\u00e1s que un ensayo, es una rebeli\u00f3n frente al status quo de una sociedad mercantilizada por la imagen.<\/p>","protected":false},"excerpt":{"rendered":"<p>El ensayo intitulado \u201cEducaci\u00f3n y Pensamiento Cr\u00edtico\u201d de Vladimir Sosa S\u00e1nchez, es una obra que resalta la b\u00fasqueda incesante de una educaci\u00f3n filos\u00f3fica. Hace un viaje desde el pensamiento del<\/p>","protected":false},"featured_media":100077,"comment_status":"open","ping_status":"closed","template":"","meta":{"_acf_changed":false,"jetpack_post_was_ever_published":true,"_joinchat":[]},"pwb-brand":[20613],"product_brand":[],"product_cat":[175,748,20632,19942,20190],"product_tag":[136,835,137,23],"editora":[20602],"class_list":{"0":"post-100075","1":"product","2":"type-product","3":"status-publish","4":"has-post-thumbnail","6":"pwb-brand-vladimir-sosa","7":"product_cat-ensaio","8":"product_cat-espanhol","9":"product_cat-kuntur","10":"product_cat-pre-venda","11":"product_cat-traducoes","12":"product_tag-caravana","13":"product_tag-caravanagrupoeditorial","14":"product_tag-editoraindependente","15":"product_tag-literatura","16":"editora-kuntur","17":"pre_capa-nao-e-pre-capa","19":"first","20":"instock","21":"shipping-taxable","22":"purchasable","23":"product-type-simple"},"acf":[],"yoast_head":"<!-- This site is optimized with the Yoast SEO plugin v27.2 - https:\/\/yoast.com\/product\/yoast-seo-wordpress\/ -->\n<title>Educaci\u00f3n y pensamiento cr\u00edtico - Caravana Grupo Editorial<\/title>\n<meta name=\"robots\" content=\"index, follow, max-snippet:-1, max-image-preview:large, max-video-preview:-1\" \/>\n<link rel=\"canonical\" href=\"https:\/\/caravanagrupoeditorial.com\/es\/livros\/educacion-y-pensamiento-critico\/\" \/>\n<meta property=\"og:locale\" content=\"es_ES\" \/>\n<meta property=\"og:type\" content=\"article\" \/>\n<meta property=\"og:title\" content=\"Educaci\u00f3n y pensamiento cr\u00edtico - Caravana Grupo Editorial\" \/>\n<meta property=\"og:description\" content=\"El ensayo intitulado \u201cEducaci\u00f3n y Pensamiento Cr\u00edtico\u201d de Vladimir Sosa S\u00e1nchez, es una obra que resalta la b\u00fasqueda incesante de una educaci\u00f3n filos\u00f3fica. Hace un viaje desde el pensamiento del\" \/>\n<meta property=\"og:url\" content=\"https:\/\/caravanagrupoeditorial.com\/es\/livros\/educacion-y-pensamiento-critico\/\" \/>\n<meta property=\"og:site_name\" content=\"Caravana Grupo Editorial\" \/>\n<meta property=\"article:publisher\" content=\"https:\/\/www.facebook.com\/caravanagrupoeditorial\" \/>\n<meta property=\"article:modified_time\" content=\"2026-04-03T02:41:27+00:00\" \/>\n<meta property=\"og:image\" content=\"https:\/\/caravanagrupoeditorial.com\/wp-content\/uploads\/2026\/02\/MOCKUP_-Educacion-y-pensamiento-critico-Lucas-Braga-Dos-Anjos.png\" \/>\n\t<meta property=\"og:image:width\" content=\"1500\" \/>\n\t<meta property=\"og:image:height\" content=\"1500\" \/>\n\t<meta property=\"og:image:type\" content=\"image\/png\" \/>\n<meta name=\"twitter:card\" content=\"summary_large_image\" \/>\n<meta name=\"twitter:label1\" content=\"Est. reading time\" \/>\n\t<meta name=\"twitter:data1\" content=\"1 minuto\" \/>\n<script type=\"application\/ld+json\" class=\"yoast-schema-graph\">{\"@context\":\"https:\/\/schema.org\",\"@graph\":[{\"@type\":\"WebPage\",\"@id\":\"https:\/\/caravanagrupoeditorial.com\/livros\/educacion-y-pensamiento-critico\/\",\"url\":\"https:\/\/caravanagrupoeditorial.com\/livros\/educacion-y-pensamiento-critico\/\",\"name\":\"Educaci\u00f3n y pensamiento cr\u00edtico - Caravana Grupo Editorial\",\"isPartOf\":{\"@id\":\"https:\/\/caravanagrupoeditorial.com\/#website\"},\"primaryImageOfPage\":{\"@id\":\"https:\/\/caravanagrupoeditorial.com\/livros\/educacion-y-pensamiento-critico\/#primaryimage\"},\"image\":{\"@id\":\"https:\/\/caravanagrupoeditorial.com\/livros\/educacion-y-pensamiento-critico\/#primaryimage\"},\"thumbnailUrl\":\"https:\/\/i0.wp.com\/caravanagrupoeditorial.com\/wp-content\/uploads\/2026\/02\/MOCKUP_-Educacion-y-pensamiento-critico-Lucas-Braga-Dos-Anjos.png?fit=1500%2C1500&ssl=1\",\"datePublished\":\"2025-06-11T22:10:58+00:00\",\"dateModified\":\"2026-04-03T02:41:27+00:00\",\"breadcrumb\":{\"@id\":\"https:\/\/caravanagrupoeditorial.com\/livros\/educacion-y-pensamiento-critico\/#breadcrumb\"},\"inLanguage\":\"es-PE\",\"potentialAction\":[{\"@type\":\"ReadAction\",\"target\":[\"https:\/\/caravanagrupoeditorial.com\/livros\/educacion-y-pensamiento-critico\/\"]}]},{\"@type\":\"ImageObject\",\"inLanguage\":\"es-PE\",\"@id\":\"https:\/\/caravanagrupoeditorial.com\/livros\/educacion-y-pensamiento-critico\/#primaryimage\",\"url\":\"https:\/\/i0.wp.com\/caravanagrupoeditorial.com\/wp-content\/uploads\/2026\/02\/MOCKUP_-Educacion-y-pensamiento-critico-Lucas-Braga-Dos-Anjos.png?fit=1500%2C1500&ssl=1\",\"contentUrl\":\"https:\/\/i0.wp.com\/caravanagrupoeditorial.com\/wp-content\/uploads\/2026\/02\/MOCKUP_-Educacion-y-pensamiento-critico-Lucas-Braga-Dos-Anjos.png?fit=1500%2C1500&ssl=1\",\"width\":1500,\"height\":1500},{\"@type\":\"BreadcrumbList\",\"@id\":\"https:\/\/caravanagrupoeditorial.com\/livros\/educacion-y-pensamiento-critico\/#breadcrumb\",\"itemListElement\":[{\"@type\":\"ListItem\",\"position\":1,\"name\":\"In\u00edcio\",\"item\":\"https:\/\/caravanagrupoeditorial.com\/\"},{\"@type\":\"ListItem\",\"position\":2,\"name\":\"Shop\",\"item\":\"https:\/\/caravanagrupoeditorial.com\/shop\/\"},{\"@type\":\"ListItem\",\"position\":3,\"name\":\"Educaci\u00f3n y pensamiento cr\u00edtico\"}]},{\"@type\":\"WebSite\",\"@id\":\"https:\/\/caravanagrupoeditorial.com\/#website\",\"url\":\"https:\/\/caravanagrupoeditorial.com\/\",\"name\":\"Caravana Grupo Editorial\",\"description\":\"\",\"publisher\":{\"@id\":\"https:\/\/caravanagrupoeditorial.com\/#organization\"},\"potentialAction\":[{\"@type\":\"SearchAction\",\"target\":{\"@type\":\"EntryPoint\",\"urlTemplate\":\"https:\/\/caravanagrupoeditorial.com\/?s={search_term_string}\"},\"query-input\":{\"@type\":\"PropertyValueSpecification\",\"valueRequired\":true,\"valueName\":\"search_term_string\"}}],\"inLanguage\":\"es-PE\"},{\"@type\":\"Organization\",\"@id\":\"https:\/\/caravanagrupoeditorial.com\/#organization\",\"name\":\"Caravana Grupo Editorial\",\"url\":\"https:\/\/caravanagrupoeditorial.com\/\",\"logo\":{\"@type\":\"ImageObject\",\"inLanguage\":\"es-PE\",\"@id\":\"https:\/\/caravanagrupoeditorial.com\/#\/schema\/logo\/image\/\",\"url\":\"https:\/\/caravanagrupoeditorial.com\/wp-content\/uploads\/2024\/02\/cropped-Logo_Caravana.png\",\"contentUrl\":\"https:\/\/caravanagrupoeditorial.com\/wp-content\/uploads\/2024\/02\/cropped-Logo_Caravana.png\",\"width\":512,\"height\":512,\"caption\":\"Caravana Grupo Editorial\"},\"image\":{\"@id\":\"https:\/\/caravanagrupoeditorial.com\/#\/schema\/logo\/image\/\"},\"sameAs\":[\"https:\/\/www.facebook.com\/caravanagrupoeditorial\",\"https:\/\/www.instagram.com\/caravanagrupoeditorial\/?hl=pt-br\",\"https:\/\/www.youtube.com\/channel\/UCdD-xosEkpHCeRn2nDLiXfQ\"]}]}<\/script>\n<!-- \/ Yoast SEO plugin. -->","yoast_head_json":{"title":"Educaci\u00f3n y pensamiento cr\u00edtico - Caravana Grupo Editorial","robots":{"index":"index","follow":"follow","max-snippet":"max-snippet:-1","max-image-preview":"max-image-preview:large","max-video-preview":"max-video-preview:-1"},"canonical":"https:\/\/caravanagrupoeditorial.com\/es\/livros\/educacion-y-pensamiento-critico\/","og_locale":"es_ES","og_type":"article","og_title":"Educaci\u00f3n y pensamiento cr\u00edtico - Caravana Grupo Editorial","og_description":"El ensayo intitulado \u201cEducaci\u00f3n y Pensamiento Cr\u00edtico\u201d de Vladimir Sosa S\u00e1nchez, es una obra que resalta la b\u00fasqueda incesante de una educaci\u00f3n filos\u00f3fica. Hace un viaje desde el pensamiento del","og_url":"https:\/\/caravanagrupoeditorial.com\/es\/livros\/educacion-y-pensamiento-critico\/","og_site_name":"Caravana Grupo Editorial","article_publisher":"https:\/\/www.facebook.com\/caravanagrupoeditorial","article_modified_time":"2026-04-03T02:41:27+00:00","og_image":[{"width":1500,"height":1500,"url":"https:\/\/caravanagrupoeditorial.com\/wp-content\/uploads\/2026\/02\/MOCKUP_-Educacion-y-pensamiento-critico-Lucas-Braga-Dos-Anjos.png","type":"image\/png"}],"twitter_card":"summary_large_image","twitter_misc":{"Est. reading time":"1 minuto"},"schema":{"@context":"https:\/\/schema.org","@graph":[{"@type":"WebPage","@id":"https:\/\/caravanagrupoeditorial.com\/livros\/educacion-y-pensamiento-critico\/","url":"https:\/\/caravanagrupoeditorial.com\/livros\/educacion-y-pensamiento-critico\/","name":"Educaci\u00f3n y pensamiento cr\u00edtico - Caravana Grupo Editorial","isPartOf":{"@id":"https:\/\/caravanagrupoeditorial.com\/#website"},"primaryImageOfPage":{"@id":"https:\/\/caravanagrupoeditorial.com\/livros\/educacion-y-pensamiento-critico\/#primaryimage"},"image":{"@id":"https:\/\/caravanagrupoeditorial.com\/livros\/educacion-y-pensamiento-critico\/#primaryimage"},"thumbnailUrl":"https:\/\/i0.wp.com\/caravanagrupoeditorial.com\/wp-content\/uploads\/2026\/02\/MOCKUP_-Educacion-y-pensamiento-critico-Lucas-Braga-Dos-Anjos.png?fit=1500%2C1500&ssl=1","datePublished":"2025-06-11T22:10:58+00:00","dateModified":"2026-04-03T02:41:27+00:00","breadcrumb":{"@id":"https:\/\/caravanagrupoeditorial.com\/livros\/educacion-y-pensamiento-critico\/#breadcrumb"},"inLanguage":"es-PE","potentialAction":[{"@type":"ReadAction","target":["https:\/\/caravanagrupoeditorial.com\/livros\/educacion-y-pensamiento-critico\/"]}]},{"@type":"ImageObject","inLanguage":"es-PE","@id":"https:\/\/caravanagrupoeditorial.com\/livros\/educacion-y-pensamiento-critico\/#primaryimage","url":"https:\/\/i0.wp.com\/caravanagrupoeditorial.com\/wp-content\/uploads\/2026\/02\/MOCKUP_-Educacion-y-pensamiento-critico-Lucas-Braga-Dos-Anjos.png?fit=1500%2C1500&ssl=1","contentUrl":"https:\/\/i0.wp.com\/caravanagrupoeditorial.com\/wp-content\/uploads\/2026\/02\/MOCKUP_-Educacion-y-pensamiento-critico-Lucas-Braga-Dos-Anjos.png?fit=1500%2C1500&ssl=1","width":1500,"height":1500},{"@type":"BreadcrumbList","@id":"https:\/\/caravanagrupoeditorial.com\/livros\/educacion-y-pensamiento-critico\/#breadcrumb","itemListElement":[{"@type":"ListItem","position":1,"name":"In\u00edcio","item":"https:\/\/caravanagrupoeditorial.com\/"},{"@type":"ListItem","position":2,"name":"Shop","item":"https:\/\/caravanagrupoeditorial.com\/shop\/"},{"@type":"ListItem","position":3,"name":"Educaci\u00f3n y pensamiento cr\u00edtico"}]},{"@type":"WebSite","@id":"https:\/\/caravanagrupoeditorial.com\/#website","url":"https:\/\/caravanagrupoeditorial.com\/","name":"Cat\u00e1logo - Kuntur Editorial","description":"","publisher":{"@id":"https:\/\/caravanagrupoeditorial.com\/#organization"},"potentialAction":[{"@type":"SearchAction","target":{"@type":"EntryPoint","urlTemplate":"https:\/\/caravanagrupoeditorial.com\/?s={search_term_string}"},"query-input":{"@type":"PropertyValueSpecification","valueRequired":true,"valueName":"search_term_string"}}],"inLanguage":"es-PE"},{"@type":"Organization","@id":"https:\/\/caravanagrupoeditorial.com\/#organization","name":"Cat\u00e1logo - Kuntur Editorial","url":"https:\/\/caravanagrupoeditorial.com\/","logo":{"@type":"ImageObject","inLanguage":"es-PE","@id":"https:\/\/caravanagrupoeditorial.com\/#\/schema\/logo\/image\/","url":"https:\/\/caravanagrupoeditorial.com\/wp-content\/uploads\/2024\/02\/cropped-Logo_Caravana.png","contentUrl":"https:\/\/caravanagrupoeditorial.com\/wp-content\/uploads\/2024\/02\/cropped-Logo_Caravana.png","width":512,"height":512,"caption":"Caravana Grupo Editorial"},"image":{"@id":"https:\/\/caravanagrupoeditorial.com\/#\/schema\/logo\/image\/"},"sameAs":["https:\/\/www.facebook.com\/caravanagrupoeditorial","https:\/\/www.instagram.com\/caravanagrupoeditorial\/?hl=pt-br","https:\/\/www.youtube.com\/channel\/UCdD-xosEkpHCeRn2nDLiXfQ"]}]}},"jetpack_sharing_enabled":true,"brands":[{"id":20613,"name":"Vladimir Sosa","slug":"vladimir-sosa"}],"_links":{"self":[{"href":"https:\/\/caravanagrupoeditorial.com\/es\/wp-json\/wp\/v2\/product\/100075","targetHints":{"allow":["GET"]}}],"collection":[{"href":"https:\/\/caravanagrupoeditorial.com\/es\/wp-json\/wp\/v2\/product"}],"about":[{"href":"https:\/\/caravanagrupoeditorial.com\/es\/wp-json\/wp\/v2\/types\/product"}],"replies":[{"embeddable":true,"href":"https:\/\/caravanagrupoeditorial.com\/es\/wp-json\/wp\/v2\/comments?post=100075"}],"wp:featuredmedia":[{"embeddable":true,"href":"https:\/\/caravanagrupoeditorial.com\/es\/wp-json\/wp\/v2\/media\/100077"}],"wp:attachment":[{"href":"https:\/\/caravanagrupoeditorial.com\/es\/wp-json\/wp\/v2\/media?parent=100075"}],"wp:term":[{"taxonomy":"pwb-brand","embeddable":true,"href":"https:\/\/caravanagrupoeditorial.com\/es\/wp-json\/wp\/v2\/pwb-brand?post=100075"},{"taxonomy":"product_brand","embeddable":true,"href":"https:\/\/caravanagrupoeditorial.com\/es\/wp-json\/wp\/v2\/product_brand?post=100075"},{"taxonomy":"product_cat","embeddable":true,"href":"https:\/\/caravanagrupoeditorial.com\/es\/wp-json\/wp\/v2\/product_cat?post=100075"},{"taxonomy":"product_tag","embeddable":true,"href":"https:\/\/caravanagrupoeditorial.com\/es\/wp-json\/wp\/v2\/product_tag?post=100075"},{"taxonomy":"editora","embeddable":true,"href":"https:\/\/caravanagrupoeditorial.com\/es\/wp-json\/wp\/v2\/editora?post=100075"}],"curies":[{"name":"wp","href":"https:\/\/api.w.org\/{rel}","templated":true}]}}